{"id":3865,"date":"2023-10-16T08:48:29","date_gmt":"2023-10-16T08:48:29","guid":{"rendered":"https:\/\/quintadobomdespacho.com\/espacos\/guidelines\/"},"modified":"2024-08-29T11:08:49","modified_gmt":"2024-08-29T11:08:49","slug":"guidelines","status":"publish","type":"page","link":"https:\/\/quintadobomdespacho.com\/fr\/espacos\/guidelines\/","title":{"rendered":"Termos e Condi\u00e7\u00f5es de Aluguer de Espa\u00e7os"},"content":{"rendered":"<p>Para efeitos dos presentes Termos e Condi\u00e7\u00f5es Gerais:<\/p>\n<ul>\n<li><strong>\u201cAluguer\u201d<\/strong> ou <strong>\u201cAlugueres\u201d<\/strong> refere-se ao Servi\u00e7o composto pela utiliza\u00e7\u00e3o de um ou mais Espa\u00e7os da Propriedade para realiza\u00e7\u00e3o de um ou mais Eventos organizados pelo Cliente.<\/li>\n<li><strong>\u201cCasa\u201d<\/strong> refere-se ao edif\u00edcio no qual o Servi\u00e7o de alojamento \u00e9 oferecido, e pode ser reservado um quarto, um andar ou todo o edif\u00edcio.<\/li>\n<li><strong>\u201cCliente\u201d<\/strong> refere-se a qualquer pessoa que adquira e usufrua de um ou mais Servi\u00e7os prestados pela Cadeira ao Norte, Lda., enquanto entidade Gestora da Quinta do Bom Despacho.<\/li>\n<li><strong>\u201cEmpresa\u201d<\/strong>, referida como \u201ca Empresa\u201d, \u201cN\u00f3s\u201d, \u201cNosso\u201d, \u201cNossas\u201d ou \u201cConnosco\u201d, refere-se \u00e0 Cadeira ao Norte, Lda., entidade gestora da Quinta do Bom Despacho.<\/li>\n<li><strong>\u201cEspa\u00e7os\u201d<\/strong> refere-se \u00e0s \u00e1reas da Propriedade identificados e disponibilizados pela Empresa para Aluguer e nas quais um Cliente poder\u00e1 organizar um Evento.<\/li>\n<li><strong>\u201cEvento\u201d<\/strong> ou <strong>\u201cEventos\u201d<\/strong> refere-se a qualquer ocorr\u00eancia ou conjunto de ocorr\u00eancias que envolvam o Aluguer de Espa\u00e7os para uma utiliza\u00e7\u00e3o limitada no tempo por parte do Cliente e Visitantes que o acompanhem.<\/li>\n<li><strong>\u201cH\u00f3spede\u201d ou \u201cH\u00f3spedes\u201d<\/strong> refere-se a qualquer indiv\u00edduo ou grupo de indiv\u00edduos, respetivamente, que reservou um ou mais quartos e, portanto, pode aceder a determinadas \u00e1reas e instala\u00e7\u00f5es da Casa e\/ou da Propriedade.<\/li>\n<li><strong>\u201cPrestadores de Servi\u00e7os Terceiros\u201d<\/strong> refere-se a qualquer prestador de servi\u00e7os externo \u00e0 Empresa junto dos quais o Cliente pode adquirir servi\u00e7os complementares para o seu Evento.<\/li>\n<li><strong>\u201cPromo\u00e7\u00f5es\u201d<\/strong> refere-se a descontos, concursos, sorteios ou outras Promo\u00e7\u00f5es oferecidas pela Empresa que podem estar relacionadas com um ou mais Servi\u00e7os prestados.<\/li>\n<li><strong>\u201cPropriedade\u201d<\/strong> refere-se ao terreno no qual a Casa est\u00e1 inserida, acess\u00edvel atrav\u00e9s do port\u00e3o verde principal localizado no lado sudeste ou atrav\u00e9s do port\u00e3o vermelho secund\u00e1rio localizado no lado sudoeste.<\/li>\n<li><strong>\u201cServi\u00e7os\u201d<\/strong> ou <strong>\u201cServi\u00e7o\u201d<\/strong> refere-se a todos ou a qualquer um dos Servi\u00e7os oferecidos pela Empresa, tais como, mas n\u00e3o limitados a: o Website, alojamento, Eventos ou Visitas.<\/li>\n<li><strong>\u201cTermos\u201d<\/strong> refere-se a estes Termos e Condi\u00e7\u00f5es que formam o acordo completo entre o Cliente e a Empresa relativamente a um ou mais Servi\u00e7os.<\/li>\n<li><strong>\u201cUtilizador\u201d<\/strong> refere-se a qualquer pessoa que aceda e navegue no Website.<\/li>\n<li><strong>\u00ab\u00a0Website\u00a0\u00bb<\/strong> refere-se \u00e0 p\u00e1gina web da Quinta do Bom Despacho, acess\u00edvel a partir de <a href=\"https:\/\/quintadobomdespacho.com\/fr\/\" target=\"_blank\" rel=\"noopener\">https:\/\/www.quintadobomdespacho.com<\/a><\/li>\n<li><strong>\u00ab\u00a0Tu\u00a0\u00bb,<\/strong> <strong>\u00ab\u00a0Teu\u00a0\u00bb, \u00ab\u00a0Teus\u00a0\u00bb, \u00ab\u00a0Tuas\u00a0\u00bb, \u00ab\u00a0Seu\u00a0\u00bb, \u00ab\u00a0Seus\u00a0\u00bb <\/strong>ou<strong> \u00ab\u00a0Sua\u00a0\u00bb<\/strong>, dependendo do contexto, poder\u00e1 referir-se a si pr\u00f3prio ou a outro(s), como: 1) Utilizador do Website; 2) pr\u00e9vio, atual e\/ou potencial Cliente da Empresa; 3) Visitante(s).<\/li>\n<\/ul>\n<p>&nbsp;<\/p>\n<p><strong>1. DISPOSI\u00c7\u00d5ES GERAIS<\/strong><\/p>\n<p><strong>1.1.<\/strong> Os presentes Termos estabelecem as condi\u00e7\u00f5es por que se rege o Aluguer de Espa\u00e7os contratualizados pelo Cliente \u00e0 Empresa Cadeira ao Norte, Lda., sociedade por quotas com sede na Rua do Lajedo, 62, 9500-213 Ponta Delgada, matriculada na Conservat\u00f3ria do Registo Comercial de Ponta Delgada com o N\u00famero de Identifica\u00e7\u00e3o de Pessoa Coletiva 513 285 156.<\/p>\n<p><strong>1.2.<\/strong> Prevalecem sobre estes Termos quaisquer eventuais condi\u00e7\u00f5es particulares associadas \u00e0 presta\u00e7\u00e3o de outro(s) Servi\u00e7o(s) pela Empresa e contratualizados com Cliente.<\/p>\n<p><strong>1.3.<\/strong> Sobrep\u00f5em-se ainda aos presentes Termos quaisquer outras condi\u00e7\u00f5es estabelecidas por m\u00fatuo acordo e comunicadas por escrito entre a Empresa e o Cliente.<\/p>\n<p><strong>1.4.<\/strong> Na eventualidade de serem estipulados entre a Empresa e o Cliente quaisquer condi\u00e7\u00f5es extraordin\u00e1rias de Aluguer de Espa\u00e7os n\u00e3o expressas nos presentes Termos, as mesmas dever\u00e3o ser consideradas uma ocorr\u00eancia excecional e a partir da qual n\u00e3o poder\u00e3o ser derivados quaisquer direitos para contratualiza\u00e7\u00f5es futuras de Aluguer de Espa\u00e7os.<\/p>\n<p><strong>1.5.<\/strong> O Aluguer de Espa\u00e7os para Eventos \u00e9 exclusivamente efetuado atrav\u00e9s dos Nossos canais, tais como o website, e-mail, telefone, redes sociais ou presencialmente, na Propriedade.<\/p>\n<p><strong>1.6.<\/strong> N\u00e3o Nos responsabilizamos por qualquer Aluguer disponibilizado e\/ou efetuado por outra via que n\u00e3o uma das expressas no ponto imediatamente anterior.<\/p>\n<p><strong>1.7.<\/strong> Os pedidos de Aluguer s\u00e3o considerados provis\u00f3rios at\u00e9 que sejam cumpridas as condi\u00e7\u00f5es de pagamento e o Aluguer seja confirmado por escrito.<\/p>\n<p><strong>1.8.<\/strong> O Cliente \u00e9 respons\u00e1vel por nos informar atempadamente do n\u00famero total de Visitantes esperados no Seu Evento, bem como por indicar explicitamente o n\u00famero de crian\u00e7as previsto.<\/p>\n<p><strong>1.9.<\/strong> A Empresa apenas disponibiliza Espa\u00e7os para Aluguer, n\u00e3o fornecendo quaisquer Servi\u00e7os conexos \u00e0 organiza\u00e7\u00e3o de Eventos tais como, mas n\u00e3o limitados a: anima\u00e7\u00e3o, babbysitting, bar, catering ou servi\u00e7o de mesa.<\/p>\n<p><strong>1.10.<\/strong> Para al\u00e9m das Nossas galinhas, gatos e cabritos, e na sequ\u00eancia do Decreto-Lei n.\u00ba 74\/2007, reservamo-Nos o direito de n\u00e3o aceitar qualquer animal na Propriedade, exceto c\u00e3es de assist\u00eancia.<\/p>\n<p><strong>1.11.<\/strong> Compreendemos que possam existir Clientes e\/ou Visitantes que tenham animais de apoio n\u00e3o registados e que sejam necess\u00e1rios ao Seu bem-estar. Ocasionalmente, esses animais poder\u00e3o ser permitidos, ficando a sua aceita\u00e7\u00e3o sujeita a um acordo por escrito, a partir do qual n\u00e3o podem ser derivados quaisquer direitos para eventuais Alugueres futuros.<\/p>\n<p><strong>1.12.<\/strong> Os Alugueres efetuados Connosco podem variar em termos de natureza. Cada Aluguer \u00e9 \u00fanico e comporta diferen\u00e7as operacionais, tais como, entre outras, os Servi\u00e7os oferecidos, os custos envolvidos e os Termos aplic\u00e1veis a esses Servi\u00e7os. Fazemos os Nossos melhores esfor\u00e7os para fornecer informa\u00e7\u00f5es atualizadas e transparentes no Nosso Website, para que o Utilizador saiba o que esperar ao efetuar um Aluguer Connosco.<\/p>\n<p><strong>1.13.<\/strong> Ao contratualizar um ou mais Servi\u00e7os com a Empresa, o Cliente aceita os presentes Termos bem como quaisquer outras Condi\u00e7\u00f5es Particulares aplic\u00e1veis.<\/p>\n<p>&nbsp;<\/p>\n<p><strong>2. ESPA\u00c7OS<\/strong><\/p>\n<p><strong>2.1<\/strong> Est\u00e3o dispon\u00edveis para Aluguer os seguintes Espa\u00e7os:<\/p>\n<p><strong>\u00a0 \u00a02.1.1. Alpendre Sul ou Bar da Comunidade<\/strong><\/p>\n<p><strong>\u00a0 \u00a02.1.2. Estufa<\/strong><\/p>\n<p><strong>\u00a0 \u00a02.1.3. Piscina Natural<\/strong><\/p>\n<p><strong>\u00a0 \u00a02.1.4. Sala de Reuni\u00f5es<\/strong><\/p>\n<p><strong>2.2.<\/strong> Ocasionalmente, outro(s) Espa\u00e7o(s) que n\u00e3o os mencionados poder\u00e3o ser disponibilizados, mediante aprova\u00e7\u00e3o da ger\u00eancia.<\/p>\n<p><strong>2.3.<\/strong> Na eventualidade de qualquer Aluguer contemplar a utiliza\u00e7\u00e3o de um ou mais Espa\u00e7os que n\u00e3o os mencionados, o mesmo ser\u00e1 considerado uma ocorr\u00eancia excecional, a partir da qual n\u00e3o poder\u00e3o ser derivados quaisquer direitos para o Aluguer de Espa\u00e7o(s) no futuro.<\/p>\n<p><strong>2.4.<\/strong> N\u00e3o h\u00e1 limite de Visitantes em nenhum dos Espa\u00e7os dispon\u00edveis para Aluguer, \u00e0 exce\u00e7\u00e3o da piscina natural, cuja capacidade m\u00e1xima \u00e9 de 20 pessoas.<\/p>\n<p><strong>2.5.<\/strong> Independentemente do Espa\u00e7o alugado s\u00e3o disponibilizados ao Cliente e Visitantes lugares de estacionamento gratuitos, no interior da Propriedade, limitados \u00e0 respetiva capacidade.<\/p>\n<p><strong>2.6.<\/strong> Aquando da formaliza\u00e7\u00e3o do pedido de Aluguer, o Cliente \u00e9 respons\u00e1vel por Nos informar da(s) \u00e1rea(s) pretendida(s) para o Seu Evento, sob pena de o mesmo ser imediatamente terminado devido \u00e0 utiliza\u00e7\u00e3o indevida de Espa\u00e7o(s) n\u00e3o solicitado(s).<\/p>\n<p><strong>2.7.<\/strong> Todo e qualquer Espa\u00e7o ser\u00e1 disponibilizado ao Cliente em condi\u00e7\u00f5es de higiene e limpeza adequadas ficando o Cliente obrigado \u00e0 devolu\u00e7\u00e3o do(s) Espa\u00e7o(s) alugado(s) nas mesmas condi\u00e7\u00f5es aquando da sua disponibiliza\u00e7\u00e3o.<\/p>\n<p>&nbsp;<\/p>\n<p><strong>3. TIPOS DE EVENTOS<\/strong><\/p>\n<p><strong>3.1.<\/strong> Atualmente, o Cliente poder\u00e1 organizar, isoladamente ou em conjunto, duas tipologias de Eventos:<\/p>\n<p><strong>\u00a0 \u00a03.1.1.<\/strong> Festas e Refei\u00e7\u00f5es, no qual se incluem Eventos que incluam uma componente de comes e bebes tais como, mas n\u00e3o limitados a: festas infantis, festas de anivers\u00e1rio, casamentos, almo\u00e7os ou jantares.<\/p>\n<p><strong>\u00a0 \u00a03.1.2.<\/strong> Encontros e Reuni\u00f5es, no qual se incluem Eventos que incluam uma componente mais formal tais como, mas n\u00e3o limitados a: apresenta\u00e7\u00f5es, encontros, momentos de teambuilding, sess\u00f5es de networking ou workshops.<\/p>\n<p><strong>3.2.<\/strong> Alguns dos Espa\u00e7os dispon\u00edveis para Aluguer est\u00e3o apenas preparados para acolher uma tipologia de Evento.<\/p>\n<p><strong>3.3.<\/strong> No momento da solicita\u00e7\u00e3o de Aluguer, o Cliente \u00e9 respons\u00e1vel por Nos informar da tipologia de Evento a realizar, sob pena de o mesmo ser imediatamente terminado mediante a constata\u00e7\u00e3o da utiliza\u00e7\u00e3o de Espa\u00e7o(s) para finalidade(s) que n\u00e3o a(s) prevista(s) e contratualizada(s).<\/p>\n<p>&nbsp;<\/p>\n<p><strong>4. DISPONIBILIDADE<\/strong><\/p>\n<p><strong>4.1.<\/strong> O Aluguer de Espa\u00e7os pressup\u00f5e o Aluguer por um per\u00edodo de utiliza\u00e7\u00e3o de at\u00e9 3 horas.<\/p>\n<p><strong>4.2.<\/strong> Mediante solicita\u00e7\u00e3o pr\u00e9via do Cliente, poder\u00e3o ser acrescentadas horas adicionais que nunca poder\u00e3o exceder o m\u00e1ximo de 10 horas consecutivas de Aluguer.<\/p>\n<p><strong>4.3.<\/strong> Os Espa\u00e7os est\u00e3o dispon\u00edveis para Aluguer nos seguintes dias e horas:<\/p>\n<p><strong>\u00a0 \u00a04.3.1.<\/strong> Aos s\u00e1bados, entre as 13:00 e as 19:00<\/p>\n<p><strong>\u00a0 \u00a04.3.2.<\/strong> Aos domingos, entre as 9:00 e as 19:00<\/p>\n<p><strong>4.4.<\/strong> O Aluguer de Espa\u00e7os poder\u00e1, ocasionalmente, estar dispon\u00edvel noutros dias que n\u00e3o os referidos, mediante disponibilidade e aprova\u00e7\u00e3o da ger\u00eancia.<\/p>\n<p><strong>4.5.<\/strong> Na eventualidade de qualquer aluguer ocorrer fora dos dias e hor\u00e1rios indicados, o mesmo \u00e9 considerado uma ocorr\u00eancia excecional, a partir da qual n\u00e3o poder\u00e3o ser derivados quaisquer direitos para alugueres futuros.<\/p>\n<p><strong>4.6.<\/strong> Como cortesia, os Espa\u00e7os poder\u00e3o ser disponibilizados ao Cliente e\/ou a Prestadores de Servi\u00e7os Terceiros por este contratados pelo per\u00edodo de 1h antes e de 1h depois do Evento, de forma a facilitar a organiza\u00e7\u00e3o log\u00edstica do Seu Evento. \u00c9 da responsabilidade do Cliente indicar o per\u00edodo para usufruto deste tempo complementar mediante disponibilidade e acordo da Empresa.<\/p>\n<p>&nbsp;<\/p>\n<p><strong>5. SUSTENTABILIDADE<\/strong><\/p>\n<p>Uso de pratos, copos ou talheres descart\u00e1veis, bal\u00f5es e pl\u00e1sticos de utiliza\u00e7\u00e3o \u00fanica \u00e9 desancoselhado pela Quinta do Bom Despacho pois tem grande probablidade de prejudicar\/danificar os seus espa\u00e7os.<\/p>\n<p>A separa\u00e7\u00e3o de res\u00edduos para reciclagem \u00e9 aconselhada, independentemente do(s) Espa\u00e7o(s) alugado(s) pelo Cliente e da(s) tipologia(s) de Evento, sendo disponibilizados v\u00e1rios recipientes pr\u00f3prios para o efeito.<\/p>\n<p>&nbsp;<\/p>\n<p><strong>6. PAGAMENTOS E CANCELAMENTOS<\/strong><\/p>\n<p><strong>6.1.<\/strong> O pre\u00e7o m\u00ednimo para o Aluguer de Espa\u00e7os \u00e9 de 150\u20ac por per\u00edodo de utiliza\u00e7\u00e3o at\u00e9 3 horas.<\/p>\n<p><strong>6.2.<\/strong> Ap\u00f3s utiliza\u00e7\u00e3o por 3 horas, ser\u00e1 cobrado o valor de 40\u20ac por cada hora adicional, desde que em cumprimento da disponibilidade mencionada no Ponto 4 dos presentes Termos.<\/p>\n<p><strong>6.3.<\/strong> Independentemente da tipologia de Evento a realizar, o Aluguer da estufa implica o pagamento de uma taxa de limpeza complementar de 25\u20ac.<\/p>\n<p><strong>6.4.<\/strong> O Aluguer da piscina natural inclui um monitor para supervis\u00e3o. A presen\u00e7a deste monitor n\u00e3o desresponsabiliza os acompanhantes dos menores a supervisionar os mesmos e a assegurar o respeito pelo monitor. Este \u00e9 um Servi\u00e7o independente do Aluguer de qualquer outro Espa\u00e7o e implica o pagamento complementar de 60\u20ac por 1 hora ou 100\u20ac por duas horas de utiliza\u00e7\u00e3o.<\/p>\n<p><strong>6.5.<\/strong> Reservamo-nos o direito de aplicar pre\u00e7os espec\u00edficos para o Aluguer de Espa\u00e7os no seguimento de momentos tais como, mas n\u00e3o limitados a feriados e eventos nacionais e\/ou regionais, ano novo, Natal ou f\u00e9rias escolares.<\/p>\n<p><strong>6.6.<\/strong> Todos os pre\u00e7os apresentados incluem o Imposto sobre o Valor Acrescentado (IVA) \u00e0 taxa legal em vigor.<\/p>\n<p><strong>6.7.<\/strong> Um Aluguer considera-se confirmado ap\u00f3s boa cobran\u00e7a de 50% do valor final contratado. Os remanescentes 50% dever\u00e3o ser pago antes do in\u00edcio do Evento.<\/p>\n<p><strong>6.8.<\/strong> O Aluguer pode ser pago atrav\u00e9s de uma das seguintes formas:<\/p>\n<p><strong>\u00a0 \u00a06.8.1.<\/strong> Numer\u00e1rio<\/p>\n<p><strong>\u00a0 \u00a06.8.2.<\/strong> Cart\u00e3o de d\u00e9bito*<\/p>\n<p><strong>\u00a0 \u00a06.8.3.<\/strong> Cart\u00e3o de cr\u00e9dito*<\/p>\n<p><strong>\u00a0 \u00a06.8.4.<\/strong> Transfer\u00eancia banc\u00e1ria<\/p>\n<p><strong>\u00a0 \u00a06.8.5.<\/strong> PayPal<\/p>\n<p><strong>\u00a0 \u00a06.8.6.<\/strong> Wise<\/p>\n<p><strong>\u00a0 \u00a06.8.7.<\/strong> MBWay<\/p>\n<p>*Os cart\u00f5es aceites s\u00e3o Visa, Mastercard e outros vulgarmente aceites pela REDUNIQ (<a href=\"https:\/\/www.reduniq.pt\">https:\/\/www.reduniq.pt<\/a>)<\/p>\n<p><strong>6.9.<\/strong> Todos os pre\u00e7os s\u00e3o em Euros (\u20ac), moeda em que todos os pagamentos devem ser efetuados.<\/p>\n<p><strong>6.10.<\/strong> Ainda que entidades banc\u00e1rias e\/ou gestoras de pagamentos digitais possam aceitar e processar pagamentos de outra moeda para Euros, recusamos qualquer responsabilidade por cobran\u00e7as, comiss\u00f5es e\/ou outros montantes devidos relacionados com, mas n\u00e3o limitados a servi\u00e7os de pagamento e c\u00e2mbio de moeda.<\/p>\n<p><strong>6.11.<\/strong> O cancelamento de um Aluguer de Espa\u00e7o(s) confirmado at\u00e9 8 dias antes do in\u00edcio do Servi\u00e7o implica a reten\u00e7\u00e3o de 10% do valor contratualizado, sendo o remanescente reembolsado ao Cliente.<\/p>\n<p><strong>6.12.<\/strong> O cancelamento de um Aluguer de Espa\u00e7o(s) confirmado a 8 ou menos dias antes do in\u00edcio do Servi\u00e7o implica a perda do valor do dep\u00f3sito.<\/p>\n<p><strong>6.13.<\/strong> Uma vez iniciado o usufruto do(s) Espa\u00e7o(s) alugado(s) pelo Cliente, n\u00e3o haver\u00e1 direito ao reembolso por Espa\u00e7o(s) e\/ou Servi\u00e7o(s) contratualizados e n\u00e3o usados.<\/p>\n<p><strong>6.14.<\/strong> Na eventualidade de a Empresa cancelar um Aluguer de Espa\u00e7o(s) confirmado por motivos n\u00e3o imput\u00e1veis ao Cliente, o mesmo ser\u00e1 reembolsado na totalidade de toda e qualquer quantia previamente paga.<\/p>\n<p><strong>6.15.<\/strong> Reservamo-Nos o direito de cancelar qualquer Aluguer caso o(s) respetivo(s) pagamento(s) n\u00e3o cumpra(m) as condi\u00e7\u00f5es acima referidas e sem direito a reembolso de quantia(s) eventualmente j\u00e1 paga(s).<\/p>\n<p>&nbsp;<\/p>\n<p><strong>7. SERVI\u00c7OS ADICIONAIS<\/strong><\/p>\n<p><strong>7.1.<\/strong> Para comodidade do Cliente e dos Visitantes, a Empresa disponibiliza Servi\u00e7o de Wifi em toda a Propriedade.<\/p>\n<p><strong>7.2.<\/strong> Em adi\u00e7\u00e3o ao Aluguer de Espa\u00e7o(s), a Empresa poder\u00e1 disponibilizar ao Cliente itens tais como, mas n\u00e3o limitados a: mesas, cadeiras, sof\u00e1s, pratos, copos e talheres. \u00c9 da responsabilidade do Cliente zelar para que os Visitantes usem e mantenham os itens disponibilizados nas mesmas condi\u00e7\u00f5es que foram disponibilizados.<\/p>\n<p><strong>7.3.<\/strong> De forma a facilitar a log\u00edstica de organiza\u00e7\u00e3o para o Cliente, poder\u00e1 ser facultado o acesso \u00e0 zona de cozinha com respetiva utiliza\u00e7\u00e3o de frigor\u00edfico, congelador, fog\u00e3o, forno e\/ou micro-ondas, limitado a 3 pessoas em simult\u00e2neo.<\/p>\n<p><strong>7.4.<\/strong> O Cliente poder\u00e1 complementar o Aluguer de Espa\u00e7o(s) com a contratualiza\u00e7\u00e3o de outro(s) Servi\u00e7o(s) junto de Prestadores de Servi\u00e7os Terceiros.<\/p>\n<p><strong>7.5.<\/strong> Por motivos de seguran\u00e7a, o Cliente est\u00e1 obrigado a notificar a Empresa de quais os Prestadores de Servi\u00e7os Terceiros contratualizados bem como de quaisquer potenciais desloca\u00e7\u00f5es destes \u00e0 Propriedade para realiza\u00e7\u00e3o de descarga de material e\/ou de pessoal ou para efeitos de montagens e\/ou desmontagens.<\/p>\n<p><strong>7.6<\/strong>. \u00c9 da responsabilidade do Cliente que os Prestadores de Servi\u00e7os Terceiros tomem conhecimento de e cumpram com os presentes Termos bem como de assegurar a compatibilidade dos Termos e Condi\u00e7\u00f5es particulares dos Prestadores de Servi\u00e7os Terceiros para com os Nossos Termos.<\/p>\n<p><strong>7.7.<\/strong> Qualquer incumprimento dos presentes Termos por eventuais Prestadores de Servi\u00e7os Terceiros e\/ou incompatibilidade(s) de Termos e Condi\u00e7\u00f5es entre estes e a Empresa ser\u00e3o sempre imput\u00e1veis ao Cliente.<\/p>\n<p>&nbsp;<\/p>\n<p><strong>8. PAZ DE ESP\u00cdRITO<\/strong><\/p>\n<p><strong>8.1.<\/strong> Para prote\u00e7\u00e3o do Cliente e de Visitantes, a Propriedade est\u00e1 protegida por CCTV. As imagens de vigil\u00e2ncia s\u00e3o armazenadas localmente e acess\u00edveis apenas aos funcion\u00e1rios da Empresa para fins de seguran\u00e7a, n\u00e3o sendo partilhadas com qualquer entidade externa.<\/p>\n<p><strong>8.2.<\/strong> Temos um Gestor de Comunidade no local para garantir a seguran\u00e7a e o bem-estar do Cliente e Visitantes. Este membro da equipa vive numa parte independente da Casa e est\u00e1 dispon\u00edvel apenas quando necess\u00e1rio.<\/p>\n<p><strong>8.3.<\/strong> Em caso de circunst\u00e2ncias imprevistas de for\u00e7a maior inimput\u00e1veis \u00e0 Empresa ou ao Cliente, o Aluguer poder\u00e1 ser cancelado. Caso tal aconte\u00e7a, o Cliente poder\u00e1 optar por ser reembolsado de quaisquer valores j\u00e1 pagos, ou por adiar o Aluguer para uma data posterior, isento de quaisquer sobretaxas, e permanecendo v\u00e1lidos o pre\u00e7o e condi\u00e7\u00f5es previamente acordados.<\/p>\n<p><strong>8.4.<\/strong> Nessa eventualidade, e sempre que poss\u00edvel, o Cliente ser\u00e1 informado por escrito sendo que dever\u00e1 comunicar a Sua decis\u00e3o \u00e0 Empresa de forma atempada e pelo mesmo canal de comunica\u00e7\u00e3o.<\/p>\n<p>&nbsp;<\/p>\n<p><strong>9. RESPONSABILIDADE E OBRIGA\u00c7\u00c3O<\/strong><\/p>\n<p><strong>9.1.<\/strong> Em toda a Propriedade existem v\u00e1rias \u00e1reas e instala\u00e7\u00f5es interiores e exteriores diferentes, cada uma das quais representa diferentes constru\u00e7\u00f5es, acessos, utiliza\u00e7\u00f5es e manuten\u00e7\u00e3o. O Cliente e, por iner\u00eancia, tamb\u00e9m os Visitantes \u00e0 Sua responsabilidade, \u00e9 respons\u00e1vel por aceder e utilizar essas \u00e1reas e instala\u00e7\u00f5es de acordo com o fim a que se destinam e com a devida dilig\u00eancia.<\/p>\n<p><strong>9.2.<\/strong> Todo e qualquer Cliente, bem como quaisquer Visitantes \u00e0 Sua responsabilidade, que tenha crian\u00e7as sob a Sua supervis\u00e3o assume a responsabilidade pela seguran\u00e7a das mesmas e por zelar que procedem \u00e0 utiliza\u00e7\u00e3o adequada e respons\u00e1vel das \u00e1reas e instala\u00e7\u00f5es interiores e exteriores.<\/p>\n<p><strong>9.3.<\/strong> Declinamos qualquer responsabilidade por quaisquer danos, responsabilidades, reclama\u00e7\u00f5es ou pedidos de indemniza\u00e7\u00e3o, incluindo despesas e custos de representa\u00e7\u00e3o, reclamados pelo Cliente, por Visitantes ou por Prestadores de Servi\u00e7os Terceiros em resultado de qualquer utiliza\u00e7\u00e3o e\/ou acesso negligente a quaisquer \u00e1reas e instala\u00e7\u00f5es interiores e\/ou exteriores.<\/p>\n<p><strong>9.4.<\/strong> O Cliente \u00e9 respons\u00e1vel pelos danos causados a quaisquer \u00e1reas e instala\u00e7\u00f5es da Casa e da Propriedade, incluindo o seu conte\u00fado, tal como, mas n\u00e3o limitado a: infraestruturas, mobili\u00e1rio ou eletrodom\u00e9sticos. Isto inclui quaisquer custos resultantes de perdas e\/ou repara\u00e7\u00f5es devido a danos que sejam atribu\u00edveis ao Cliente, a qualquer pessoa a este ligada no \u00e2mbito do Aluguer \u2013 como Visitantes ou Prestadores de Servi\u00e7os Terceiros \u2013 ou a uma viola\u00e7\u00e3o destes Termos. Tais custos podem incluir, mas n\u00e3o s\u00e3o limitados a despesas e custos de representa\u00e7\u00e3o.<\/p>\n<p><strong>9.5.<\/strong> Todas condi\u00e7\u00f5es escritas e constantes nos presentes Termos consideram-se em vigor a partir do momento da sua publica\u00e7\u00e3o sendo que, na eventualidade de ser anulada uma ou mais condi\u00e7\u00f5es, as mesmas ter-se-\u00e3o por n\u00e3o escritas.<\/p>\n<p><strong>9.6.<\/strong> Os presentes Termos regem-se pela legisla\u00e7\u00e3o portuguesa aplic\u00e1vel sendo interpretados em conformidade com a mesma. Na falta de acordo amig\u00e1vel e negociado entre o Cliente e a Empresa, qualquer lit\u00edgio emergente da aplica\u00e7\u00e3o destes Termos ou relacionado com a sua execu\u00e7\u00e3o, incumprimento, interpreta\u00e7\u00e3o, resolu\u00e7\u00e3o ou redu\u00e7\u00e3o, fica estipulada a compet\u00eancia do Tribunal Judicial da Comarca dos A\u00e7ores, com expressa ren\u00fancia a qualquer outro.<\/p>\n<p><strong>9.7.<\/strong> Reservamo-Nos o direito de alterar estes Termos \u00e0 Nossa discri\u00e7\u00e3o e sem notifica\u00e7\u00e3o pr\u00e9via.<\/p>\n<p>&nbsp;<\/p>\n<p><strong>\u00daltima atualiza\u00e7\u00e3o em agosto de 2024<\/strong><\/p>\n","protected":false},"excerpt":{"rendered":"<p>Para efeitos dos presentes Termos e Condi\u00e7\u00f5es Gerais: \u201cAluguer\u201d ou \u201cAlugueres\u201d refere-se ao Servi\u00e7o composto pela utiliza\u00e7\u00e3o de um ou mais Espa\u00e7os da Propriedade para realiza\u00e7\u00e3o de um ou mais Eventos organizados pelo Cliente. \u201cCasa\u201d refere-se ao edif\u00edcio no qual o Servi\u00e7o de alojamento \u00e9 oferecido, e pode ser reservado um quarto, um andar ou [&hellip;]<\/p>\n","protected":false},"author":1,"featured_media":0,"parent":3862,"menu_order":0,"comment_status":"closed","ping_status":"closed","template":"","meta":{"footnotes":""},"class_list":["post-3865","page","type-page","status-publish","hentry"],"acf":[],"yoast_head":"<!-- This site is optimized with the Yoast SEO plugin v27.1.1 - https:\/\/yoast.com\/product\/yoast-seo-wordpress\/ -->\n<title>Termos e Condi\u00e7\u00f5es de Aluguer de Espa\u00e7os - Quinta do Bom Despacho<\/title>\n<meta name=\"description\" content=\"Antes de fazeres a reserva do espa\u00e7o que precisas, l\u00ea aqui os nossos Termos e Condi\u00e7\u00f5es de Aluguer de Espa\u00e7os.\" \/>\n<meta name=\"robots\" content=\"index, follow, max-snippet:-1, max-image-preview:large, max-video-preview:-1\" \/>\n<link rel=\"canonical\" href=\"https:\/\/quintadobomdespacho.com\/fr\/espacos\/guidelines\/\" \/>\n<meta property=\"og:locale\" content=\"fr_FR\" \/>\n<meta property=\"og:type\" content=\"article\" \/>\n<meta property=\"og:title\" content=\"Termos e Condi\u00e7\u00f5es de Aluguer de Espa\u00e7os - Quinta do Bom Despacho\" \/>\n<meta property=\"og:description\" content=\"Antes de fazeres a reserva do espa\u00e7o que precisas, l\u00ea aqui os nossos Termos e Condi\u00e7\u00f5es de Aluguer de Espa\u00e7os.\" \/>\n<meta property=\"og:url\" content=\"https:\/\/quintadobomdespacho.com\/fr\/espacos\/guidelines\/\" \/>\n<meta property=\"og:site_name\" content=\"Quinta do Bom Despacho\" \/>\n<meta property=\"article:modified_time\" content=\"2024-08-29T11:08:49+00:00\" \/>\n<meta name=\"twitter:card\" content=\"summary_large_image\" \/>\n<meta name=\"twitter:label1\" content=\"Dur\u00e9e de lecture estim\u00e9e\" \/>\n\t<meta name=\"twitter:data1\" content=\"15 minutes\" \/>\n<script type=\"application\/ld+json\" class=\"yoast-schema-graph\">{\"@context\":\"https:\/\/schema.org\",\"@graph\":[{\"@type\":\"WebPage\",\"@id\":\"https:\/\/quintadobomdespacho.com\/fr\/espacos\/guidelines\/\",\"url\":\"https:\/\/quintadobomdespacho.com\/fr\/espacos\/guidelines\/\",\"name\":\"Termos e Condi\u00e7\u00f5es de Aluguer de Espa\u00e7os - Quinta do Bom Despacho\",\"isPartOf\":{\"@id\":\"https:\/\/quintadobomdespacho.com\/fr\/#website\"},\"datePublished\":\"2023-10-16T08:48:29+00:00\",\"dateModified\":\"2024-08-29T11:08:49+00:00\",\"description\":\"Antes de fazeres a reserva do espa\u00e7o que precisas, l\u00ea aqui os nossos Termos e Condi\u00e7\u00f5es de Aluguer de Espa\u00e7os.\",\"breadcrumb\":{\"@id\":\"https:\/\/quintadobomdespacho.com\/fr\/espacos\/guidelines\/#breadcrumb\"},\"inLanguage\":\"fr-FR\",\"potentialAction\":[{\"@type\":\"ReadAction\",\"target\":[\"https:\/\/quintadobomdespacho.com\/fr\/espacos\/guidelines\/\"]}]},{\"@type\":\"BreadcrumbList\",\"@id\":\"https:\/\/quintadobomdespacho.com\/fr\/espacos\/guidelines\/#breadcrumb\",\"itemListElement\":[{\"@type\":\"ListItem\",\"position\":1,\"name\":\"Home\",\"item\":\"https:\/\/quintadobomdespacho.com\/fr\/home-2\/\"},{\"@type\":\"ListItem\",\"position\":2,\"name\":\"Espaces\",\"item\":\"https:\/\/quintadobomdespacho.com\/fr\/espacos\/\"},{\"@type\":\"ListItem\",\"position\":3,\"name\":\"Termos e Condi\u00e7\u00f5es de Aluguer de Espa\u00e7os\"}]},{\"@type\":\"WebSite\",\"@id\":\"https:\/\/quintadobomdespacho.com\/fr\/#website\",\"url\":\"https:\/\/quintadobomdespacho.com\/fr\/\",\"name\":\"Quinta do Bom Despacho\",\"description\":\"H\u00e9bergement durable\",\"potentialAction\":[{\"@type\":\"SearchAction\",\"target\":{\"@type\":\"EntryPoint\",\"urlTemplate\":\"https:\/\/quintadobomdespacho.com\/fr\/?s={search_term_string}\"},\"query-input\":{\"@type\":\"PropertyValueSpecification\",\"valueRequired\":true,\"valueName\":\"search_term_string\"}}],\"inLanguage\":\"fr-FR\"}]}<\/script>\n<!-- \/ Yoast SEO plugin. -->","yoast_head_json":{"title":"Termos e Condi\u00e7\u00f5es de Aluguer de Espa\u00e7os - Quinta do Bom Despacho","description":"Antes de fazeres a reserva do espa\u00e7o que precisas, l\u00ea aqui os nossos Termos e Condi\u00e7\u00f5es de Aluguer de Espa\u00e7os.","robots":{"index":"index","follow":"follow","max-snippet":"max-snippet:-1","max-image-preview":"max-image-preview:large","max-video-preview":"max-video-preview:-1"},"canonical":"https:\/\/quintadobomdespacho.com\/fr\/espacos\/guidelines\/","og_locale":"fr_FR","og_type":"article","og_title":"Termos e Condi\u00e7\u00f5es de Aluguer de Espa\u00e7os - Quinta do Bom Despacho","og_description":"Antes de fazeres a reserva do espa\u00e7o que precisas, l\u00ea aqui os nossos Termos e Condi\u00e7\u00f5es de Aluguer de Espa\u00e7os.","og_url":"https:\/\/quintadobomdespacho.com\/fr\/espacos\/guidelines\/","og_site_name":"Quinta do Bom Despacho","article_modified_time":"2024-08-29T11:08:49+00:00","twitter_card":"summary_large_image","twitter_misc":{"Dur\u00e9e de lecture estim\u00e9e":"15 minutes"},"schema":{"@context":"https:\/\/schema.org","@graph":[{"@type":"WebPage","@id":"https:\/\/quintadobomdespacho.com\/fr\/espacos\/guidelines\/","url":"https:\/\/quintadobomdespacho.com\/fr\/espacos\/guidelines\/","name":"Termos e Condi\u00e7\u00f5es de Aluguer de Espa\u00e7os - Quinta do Bom Despacho","isPartOf":{"@id":"https:\/\/quintadobomdespacho.com\/fr\/#website"},"datePublished":"2023-10-16T08:48:29+00:00","dateModified":"2024-08-29T11:08:49+00:00","description":"Antes de fazeres a reserva do espa\u00e7o que precisas, l\u00ea aqui os nossos Termos e Condi\u00e7\u00f5es de Aluguer de Espa\u00e7os.","breadcrumb":{"@id":"https:\/\/quintadobomdespacho.com\/fr\/espacos\/guidelines\/#breadcrumb"},"inLanguage":"fr-FR","potentialAction":[{"@type":"ReadAction","target":["https:\/\/quintadobomdespacho.com\/fr\/espacos\/guidelines\/"]}]},{"@type":"BreadcrumbList","@id":"https:\/\/quintadobomdespacho.com\/fr\/espacos\/guidelines\/#breadcrumb","itemListElement":[{"@type":"ListItem","position":1,"name":"Home","item":"https:\/\/quintadobomdespacho.com\/fr\/home-2\/"},{"@type":"ListItem","position":2,"name":"Espaces","item":"https:\/\/quintadobomdespacho.com\/fr\/espacos\/"},{"@type":"ListItem","position":3,"name":"Termos e Condi\u00e7\u00f5es de Aluguer de Espa\u00e7os"}]},{"@type":"WebSite","@id":"https:\/\/quintadobomdespacho.com\/fr\/#website","url":"https:\/\/quintadobomdespacho.com\/fr\/","name":"Quinta do Bom Despacho","description":"H\u00e9bergement durable","potentialAction":[{"@type":"SearchAction","target":{"@type":"EntryPoint","urlTemplate":"https:\/\/quintadobomdespacho.com\/fr\/?s={search_term_string}"},"query-input":{"@type":"PropertyValueSpecification","valueRequired":true,"valueName":"search_term_string"}}],"inLanguage":"fr-FR"}]}},"_links":{"self":[{"href":"https:\/\/quintadobomdespacho.com\/fr\/wp-json\/wp\/v2\/pages\/3865","targetHints":{"allow":["GET"]}}],"collection":[{"href":"https:\/\/quintadobomdespacho.com\/fr\/wp-json\/wp\/v2\/pages"}],"about":[{"href":"https:\/\/quintadobomdespacho.com\/fr\/wp-json\/wp\/v2\/types\/page"}],"author":[{"embeddable":true,"href":"https:\/\/quintadobomdespacho.com\/fr\/wp-json\/wp\/v2\/users\/1"}],"replies":[{"embeddable":true,"href":"https:\/\/quintadobomdespacho.com\/fr\/wp-json\/wp\/v2\/comments?post=3865"}],"version-history":[{"count":7,"href":"https:\/\/quintadobomdespacho.com\/fr\/wp-json\/wp\/v2\/pages\/3865\/revisions"}],"predecessor-version":[{"id":5602,"href":"https:\/\/quintadobomdespacho.com\/fr\/wp-json\/wp\/v2\/pages\/3865\/revisions\/5602"}],"up":[{"embeddable":true,"href":"https:\/\/quintadobomdespacho.com\/fr\/wp-json\/wp\/v2\/pages\/3862"}],"wp:attachment":[{"href":"https:\/\/quintadobomdespacho.com\/fr\/wp-json\/wp\/v2\/media?parent=3865"}],"curies":[{"name":"wp","href":"https:\/\/api.w.org\/{rel}","templated":true}]}}